{"id":167,"date":"2023-11-16T02:12:05","date_gmt":"2023-11-16T05:12:05","guid":{"rendered":"https:\/\/abmfuncionalintegrativa.com.br\/congresso\/?page_id=167"},"modified":"2025-11-10T22:15:47","modified_gmt":"2025-11-11T01:15:47","slug":"local-do-evento","status":"publish","type":"page","link":"https:\/\/abmfuncionalintegrativa.com.br\/congresso\/?page_id=167","title":{"rendered":"Local do Evento"},"content":{"rendered":"\t\t<div data-elementor-type=\"wp-page\" data-elementor-id=\"167\" class=\"elementor elementor-167\" data-elementor-post-type=\"page\">\n\t\t\t\t<div class=\"elementor-element elementor-element-3741cff e-flex e-con-boxed e-con e-parent\" data-id=\"3741cff\" data-element_type=\"container\" data-settings=\"{&quot;background_background&quot;:&quot;classic&quot;}\">\n\t\t\t\t\t<div class=\"e-con-inner\">\n\t\t\t\t<div class=\"elementor-element elementor-element-579cce6 elementor-widget elementor-widget-image\" data-id=\"579cce6\" data-element_type=\"widget\" data-widget_type=\"image.default\">\n\t\t\t\t<div class=\"elementor-widget-container\">\n\t\t\t\t\t\t\t\t\t\t\t\t\t<img fetchpriority=\"high\" decoding=\"async\" width=\"800\" height=\"197\" src=\"https:\/\/abmfuncionalintegrativa.com.br\/congresso\/wp-content\/uploads\/2025\/11\/v2.png\" class=\"attachment-large size-large wp-image-1032\" alt=\"\" srcset=\"https:\/\/abmfuncionalintegrativa.com.br\/congresso\/wp-content\/uploads\/2025\/11\/v2.png 912w, https:\/\/abmfuncionalintegrativa.com.br\/congresso\/wp-content\/uploads\/2025\/11\/v2-300x74.png 300w, https:\/\/abmfuncionalintegrativa.com.br\/congresso\/wp-content\/uploads\/2025\/11\/v2-768x189.png 768w\" sizes=\"(max-width: 800px) 100vw, 800px\" \/>\t\t\t\t\t\t\t\t\t\t\t\t\t<\/div>\n\t\t\t\t<\/div>\n\t\t\t\t<div class=\"elementor-element elementor-element-6acea41 elementor-widget elementor-widget-spacer\" data-id=\"6acea41\" data-element_type=\"widget\" data-widget_type=\"spacer.default\">\n\t\t\t\t<div class=\"elementor-widget-container\">\n\t\t\t\t\t<div class=\"elementor-spacer\">\n\t\t\t<div class=\"elementor-spacer-inner\"><\/div>\n\t\t<\/div>\n\t\t\t\t<\/div>\n\t\t\t\t<\/div>\n\t\t\t\t<div class=\"elementor-element elementor-element-e7df83b elementor-widget elementor-widget-heading\" data-id=\"e7df83b\" data-element_type=\"widget\" data-widget_type=\"heading.default\">\n\t\t\t\t<div class=\"elementor-widget-container\">\n\t\t\t<h2 class=\"elementor-heading-title elementor-size-default\">LOCAL DO EVENTO<\/h2>\t\t<\/div>\n\t\t\t\t<\/div>\n\t\t\t\t<div class=\"elementor-element elementor-element-7607b7f elementor-widget elementor-widget-heading\" data-id=\"7607b7f\" data-element_type=\"widget\" data-widget_type=\"heading.default\">\n\t\t\t\t<div class=\"elementor-widget-container\">\n\t\t\t<h2 class=\"elementor-heading-title elementor-size-default\">WTC GOLDEN HALL - S\u00c3O PAULO<\/h2>\t\t<\/div>\n\t\t\t\t<\/div>\n\t\t\t\t\t<\/div>\n\t\t\t\t<\/div>\n\t\t<div class=\"elementor-element elementor-element-5de1b80 e-flex e-con-boxed e-con e-parent\" data-id=\"5de1b80\" data-element_type=\"container\">\n\t\t\t\t\t<div class=\"e-con-inner\">\n\t\t<div class=\"elementor-element elementor-element-c5cf6a2 e-con-full e-flex e-con e-child\" data-id=\"c5cf6a2\" data-element_type=\"container\">\n\t\t\t\t<div class=\"elementor-element elementor-element-884879d elementor-widget__width-initial elementor-widget elementor-widget-text-editor\" data-id=\"884879d\" data-element_type=\"widget\" data-widget_type=\"text-editor.default\">\n\t\t\t\t<div class=\"elementor-widget-container\">\n\t\t\t\t\t\t\t<p>Em sintonia com a grandiosidade e a magnitude deste evento, S\u00e3o Paulo foi a cidade escolhida para o segundo Congresso de Medicina Funcional Integrativa. Como palco o congresso ser\u00e1 realizado no renomado Complexo World Trade Center, WTC.<br><\/p>\t\t\t\t\t\t<\/div>\n\t\t\t\t<\/div>\n\t\t\t\t<div class=\"elementor-element elementor-element-b1b01c4 elementor-widget__width-initial elementor-widget elementor-widget-heading\" data-id=\"b1b01c4\" data-element_type=\"widget\" data-widget_type=\"heading.default\">\n\t\t\t\t<div class=\"elementor-widget-container\">\n\t\t\t<h2 class=\"elementor-heading-title elementor-size-default\">O MAIS COMPLETO CENTRO DE EVENTOS DA AM\u00c9RICA DO SUL: WTC S\u00c3O PAULO<\/h2>\t\t<\/div>\n\t\t\t\t<\/div>\n\t\t\t\t<\/div>\n\t\t\t\t\t<\/div>\n\t\t\t\t<\/div>\n\t\t<div class=\"elementor-element elementor-element-762e44f e-flex e-con-boxed e-con e-parent\" data-id=\"762e44f\" data-element_type=\"container\">\n\t\t\t\t\t<div class=\"e-con-inner\">\n\t\t<div class=\"elementor-element elementor-element-5cf3acb e-con-full e-flex e-con e-child\" data-id=\"5cf3acb\" data-element_type=\"container\">\n\t\t\t\t<div class=\"elementor-element elementor-element-d48b47e elementor-widget elementor-widget-image\" data-id=\"d48b47e\" data-element_type=\"widget\" data-widget_type=\"image.default\">\n\t\t\t\t<div class=\"elementor-widget-container\">\n\t\t\t\t\t\t\t\t\t\t\t\t\t<img decoding=\"async\" width=\"420\" height=\"520\" src=\"https:\/\/abmfuncionalintegrativa.com.br\/congresso\/wp-content\/uploads\/2023\/11\/foto-sp.png\" class=\"attachment-large size-large wp-image-48\" alt=\"\" srcset=\"https:\/\/abmfuncionalintegrativa.com.br\/congresso\/wp-content\/uploads\/2023\/11\/foto-sp.png 420w, https:\/\/abmfuncionalintegrativa.com.br\/congresso\/wp-content\/uploads\/2023\/11\/foto-sp-242x300.png 242w\" sizes=\"(max-width: 420px) 100vw, 420px\" \/>\t\t\t\t\t\t\t\t\t\t\t\t\t<\/div>\n\t\t\t\t<\/div>\n\t\t\t\t<\/div>\n\t\t<div class=\"elementor-element elementor-element-fb1fb9a e-con-full e-flex e-con e-child\" data-id=\"fb1fb9a\" data-element_type=\"container\">\n\t\t\t\t<div class=\"elementor-element elementor-element-bad4048 elementor-widget__width-initial elementor-widget elementor-widget-text-editor\" data-id=\"bad4048\" data-element_type=\"widget\" data-widget_type=\"text-editor.default\">\n\t\t\t\t<div class=\"elementor-widget-container\">\n\t\t\t\t\t\t\t<p><span style=\"font-weight: 400;\">Um complexo multiuso \u00e0 frente do seu tempo, em uma localiza\u00e7\u00e3o privilegiada. Com esta proposta, o World Trade Center S\u00e3o Paulo tornou-se um \u00edcone do desenvolvimento da cidade e refer\u00eancia para o universo dos neg\u00f3cios no Brasil.<\/span><\/p>\n<p><span style=\"color: var( --e-global-color-bba5064 );\">O complexo WTC \u00e9 composto por um imponente hotel, o maior centro de eventos da Am\u00e9rica Latina, o maior shopping de design e decora\u00e7\u00e3o do Brasil, uma moderna torre de escrit\u00f3rios e um clube de neg\u00f3cios corporativos. A sinergia do local rompe os limites do empreendimento, transformando todo o bairro num dos principais CBDs (Central Building District) de S\u00e3o Paulo.<\/span><\/p><p><span style=\"color: var( --e-global-color-bba5064 );\">O Congresso acontecer\u00e1 no espa\u00e7o Golden Hall, com 3150m\u00b2 o espa\u00e7o possui tamb\u00e9m Heliponto pr\u00f3ximo e Foyer exclusivo com 1.071 m2.<\/span><\/p><p><span style=\"color: var( --e-global-color-bba5064 );\">Ao trazer o Primeiro Congresso de Medicina Funcional Integrativa para S\u00e3o Paulo e escolher o World Trade Center como sede, estamos unindo a excel\u00eancia cient\u00edfica da medicina funcional integrativa ao luxo e \u00e0 modernidade que s\u00f3 a maior metr\u00f3pole do Brasil pode oferecer.<\/span><\/p>\t\t\t\t\t\t<\/div>\n\t\t\t\t<\/div>\n\t\t\t\t<\/div>\n\t\t\t\t\t<\/div>\n\t\t\t\t<\/div>\n\t\t<div class=\"elementor-element elementor-element-bd5a1b8 e-flex e-con-boxed e-con e-parent\" data-id=\"bd5a1b8\" data-element_type=\"container\">\n\t\t\t\t\t<div class=\"e-con-inner\">\n\t\t<div class=\"elementor-element elementor-element-f80c4fa e-con-full e-flex e-con e-child\" data-id=\"f80c4fa\" data-element_type=\"container\">\n\t\t\t\t<\/div>\n\t\t<div class=\"elementor-element elementor-element-2f9c9ad e-con-full e-flex e-con e-child\" data-id=\"2f9c9ad\" data-element_type=\"container\">\n\t\t\t\t<\/div>\n\t\t<div class=\"elementor-element elementor-element-fcb1505 e-con-full e-flex e-con e-child\" data-id=\"fcb1505\" data-element_type=\"container\">\n\t\t\t\t<\/div>\n\t\t<div class=\"elementor-element elementor-element-40ec412 e-con-full e-flex e-con e-child\" data-id=\"40ec412\" data-element_type=\"container\">\n\t\t\t\t<\/div>\n\t\t\t\t\t<\/div>\n\t\t\t\t<\/div>\n\t\t<div class=\"elementor-element elementor-element-04803b9 e-flex e-con-boxed e-con e-parent\" data-id=\"04803b9\" data-element_type=\"container\" data-settings=\"{&quot;background_background&quot;:&quot;classic&quot;}\">\n\t\t\t\t\t<div class=\"e-con-inner\">\n\t\t<div class=\"elementor-element elementor-element-ebbb239 e-con-full e-flex e-con e-child\" data-id=\"ebbb239\" data-element_type=\"container\">\n\t\t\t\t<div class=\"elementor-element elementor-element-ad660a8 elementor-widget__width-initial elementor-widget elementor-widget-google_maps\" data-id=\"ad660a8\" data-element_type=\"widget\" data-widget_type=\"google_maps.default\">\n\t\t\t\t<div class=\"elementor-widget-container\">\n\t\t\t\t\t<div class=\"elementor-custom-embed\">\n\t\t\t<iframe loading=\"lazy\"\n\t\t\t\t\tsrc=\"https:\/\/maps.google.com\/maps?q=wtc%20s%C3%A3o%20paulo&#038;t=m&#038;z=11&#038;output=embed&#038;iwloc=near\"\n\t\t\t\t\ttitle=\"wtc s\u00e3o paulo\"\n\t\t\t\t\taria-label=\"wtc s\u00e3o paulo\"\n\t\t\t><\/iframe>\n\t\t<\/div>\n\t\t\t\t<\/div>\n\t\t\t\t<\/div>\n\t\t\t\t<\/div>\n\t\t<div class=\"elementor-element elementor-element-b9c950a e-con-full e-flex e-con e-child\" data-id=\"b9c950a\" data-element_type=\"container\">\n\t\t\t\t<div class=\"elementor-element elementor-element-8b35de5 elementor-widget__width-initial elementor-widget elementor-widget-heading\" data-id=\"8b35de5\" data-element_type=\"widget\" data-widget_type=\"heading.default\">\n\t\t\t\t<div class=\"elementor-widget-container\">\n\t\t\t<h2 class=\"elementor-heading-title elementor-size-default\">World Trade Center S\u00e3o Paulo<\/h2>\t\t<\/div>\n\t\t\t\t<\/div>\n\t\t\t\t<div class=\"elementor-element elementor-element-38e1318 elementor-widget__width-initial elementor-widget elementor-widget-text-editor\" data-id=\"38e1318\" data-element_type=\"widget\" data-widget_type=\"text-editor.default\">\n\t\t\t\t<div class=\"elementor-widget-container\">\n\t\t\t\t\t\t\t<p><span style=\"font-weight: 400;\">Av. Na\u00e7\u00f5es Unidas, 12.551, Brooklin Novo,&nbsp;<\/span><span style=\"font-family: var( --e-global-typography-text-font-family ), Sans-serif; text-align: var(--text-align); background-color: var( --e-global-color-bba5064 ); font-size: 1rem;\">S\u00e3o Paulo, Brasil &#8211; 04578-903<\/span><\/p>\t\t\t\t\t\t<\/div>\n\t\t\t\t<\/div>\n\t\t\t\t<\/div>\n\t\t\t\t\t<\/div>\n\t\t\t\t<\/div>\n\t\t\t\t<\/div>\n\t\t","protected":false},"excerpt":{"rendered":"<p>LOCAL DO EVENTO WTC GOLDEN HALL &#8211; S\u00c3O PAULO Em sintonia com a grandiosidade e a magnitude deste evento, S\u00e3o Paulo foi a cidade escolhida para o segundo Congresso de Medicina Funcional Integrativa. Como palco o congresso ser\u00e1 realizado no renomado Complexo World Trade Center, WTC. O MAIS COMPLETO CENTRO DE EVENTOS DA AM\u00c9RICA DO [&hellip;]<\/p>\n","protected":false},"author":1,"featured_media":0,"parent":0,"menu_order":0,"comment_status":"closed","ping_status":"closed","template":"elementor_header_footer","meta":{"footnotes":""},"class_list":["post-167","page","type-page","status-publish","hentry"],"_links":{"self":[{"href":"https:\/\/abmfuncionalintegrativa.com.br\/congresso\/index.php?rest_route=\/wp\/v2\/pages\/167","targetHints":{"allow":["GET"]}}],"collection":[{"href":"https:\/\/abmfuncionalintegrativa.com.br\/congresso\/index.php?rest_route=\/wp\/v2\/pages"}],"about":[{"href":"https:\/\/abmfuncionalintegrativa.com.br\/congresso\/index.php?rest_route=\/wp\/v2\/types\/page"}],"author":[{"embeddable":true,"href":"https:\/\/abmfuncionalintegrativa.com.br\/congresso\/index.php?rest_route=\/wp\/v2\/users\/1"}],"replies":[{"embeddable":true,"href":"https:\/\/abmfuncionalintegrativa.com.br\/congresso\/index.php?rest_route=%2Fwp%2Fv2%2Fcomments&post=167"}],"version-history":[{"count":0,"href":"https:\/\/abmfuncionalintegrativa.com.br\/congresso\/index.php?rest_route=\/wp\/v2\/pages\/167\/revisions"}],"wp:attachment":[{"href":"https:\/\/abmfuncionalintegrativa.com.br\/congresso\/index.php?rest_route=%2Fwp%2Fv2%2Fmedia&parent=167"}],"curies":[{"name":"wp","href":"https:\/\/api.w.org\/{rel}","templated":true}]}}